{"id":12,"date":"2022-05-04T10:37:28","date_gmt":"2022-05-04T10:37:28","guid":{"rendered":"http:\/\/neu.galerie-born.de\/?page_id=12"},"modified":"2022-10-13T15:48:04","modified_gmt":"2022-10-13T15:48:04","slug":"kuenstler","status":"publish","type":"page","link":"https:\/\/galerie-born.de\/en\/kuenstler\/","title":{"rendered":"Artists"},"content":{"rendered":"<article>\n\t\t<a itemprop=\"url\" href=\"http:\/\/neu.galerie-born.de\/portfolio-item\/bienefeld\/\" target=\"_self\" rel=\"noopener\"><br \/>\n\t\t\t<img decoding=\"async\" width=\"300\" height=\"225\" src=\"http:\/\/neu.galerie-born.de\/wp-content\/uploads\/2022\/05\/DSC0294.jpg-REGION-2-2015-30-x-40-cm-300x225.jpg\" alt=\"\" loading=\"lazy\" srcset=\"http:\/\/neu.galerie-born.de\/wp-content\/uploads\/2022\/05\/DSC0294.jpg-REGION-2-2015-30-x-40-cm-300x225.jpg 300w, http:\/\/neu.galerie-born.de\/wp-content\/uploads\/2022\/05\/DSC0294.jpg-REGION-2-2015-30-x-40-cm-768x575.jpg 768w, http:\/\/neu.galerie-born.de\/wp-content\/uploads\/2022\/05\/DSC0294.jpg-REGION-2-2015-30-x-40-cm.jpg 800w\" sizes=\"auto, (max-width: 300px) 100vw, 300px\" \/>\t\t<\/a><\/p>\n<h4 itemprop=\"name\" >\n\t<a itemprop=\"url\" href=\"http:\/\/neu.galerie-born.de\/portfolio-item\/bienefeld\/\" target=\"_self\" rel=\"noopener\"><br \/>\n\t\tBienefeld\t<\/a><br \/>\n<\/h4>\n<p>\t\t\t\t\t\t\t<a href=\"http:\/\/neu.galerie-born.de\/portfolio-category\/kuenstler\/\" rel=\"tag\">K\u00fcnstler<\/a><br \/>\n\t\t<a href=\"http:\/\/neu.galerie-born.de\/portfolio-item\/bienefeld\/\" target=\"_self\" rel=\"noopener\">\tExplore the project<\/a><br \/>\n<\/article>\n<article>\n\t\t<a itemprop=\"url\" href=\"http:\/\/neu.galerie-born.de\/portfolio-item\/uwe-kowski\/\" target=\"_self\" rel=\"noopener\"><br \/>\n\t\t\t<img decoding=\"async\" width=\"300\" height=\"268\" src=\"http:\/\/neu.galerie-born.de\/wp-content\/uploads\/2022\/05\/Arbeit-3-300x268.jpg\" alt=\"\" loading=\"lazy\" srcset=\"http:\/\/neu.galerie-born.de\/wp-content\/uploads\/2022\/05\/Arbeit-3-300x268.jpg 300w, http:\/\/neu.galerie-born.de\/wp-content\/uploads\/2022\/05\/Arbeit-3-1024x915.jpg 1024w, http:\/\/neu.galerie-born.de\/wp-content\/uploads\/2022\/05\/Arbeit-3-768x686.jpg 768w, http:\/\/neu.galerie-born.de\/wp-content\/uploads\/2022\/05\/Arbeit-3-1536x1373.jpg 1536w, http:\/\/neu.galerie-born.de\/wp-content\/uploads\/2022\/05\/Arbeit-3-2048x1831.jpg 2048w\" sizes=\"auto, (max-width: 300px) 100vw, 300px\" \/>\t\t<\/a><\/p>\n<h4 itemprop=\"name\" >\n\t<a itemprop=\"url\" href=\"http:\/\/neu.galerie-born.de\/portfolio-item\/uwe-kowski\/\" target=\"_self\" rel=\"noopener\"><br \/>\n\t\tUwe Kowski\t<\/a><br \/>\n<\/h4>\n<p>\t\t\t\t\t\t\t<a href=\"http:\/\/neu.galerie-born.de\/portfolio-category\/kuenstler\/\" rel=\"tag\">K\u00fcnstler<\/a><br \/>\n\t\t<a href=\"http:\/\/neu.galerie-born.de\/portfolio-item\/uwe-kowski\/\" target=\"_self\" rel=\"noopener\">\tExplore the project<\/a><br \/>\n<\/article>\n<article>\n\t\t<a itemprop=\"url\" href=\"http:\/\/neu.galerie-born.de\/portfolio-item\/martin-assig\/\" target=\"_self\" rel=\"noopener\"><br \/>\n\t\t\t<img decoding=\"async\" width=\"233\" height=\"300\" src=\"http:\/\/neu.galerie-born.de\/wp-content\/uploads\/2022\/05\/Martin-Assig-\u2013-St.-Paul-Ewig-2019-tempera-on-paper-183-x-141-cm-233x300.jpg\" alt=\"\" loading=\"lazy\" srcset=\"http:\/\/neu.galerie-born.de\/wp-content\/uploads\/2022\/05\/Martin-Assig-\u2013-St.-Paul-Ewig-2019-tempera-on-paper-183-x-141-cm-233x300.jpg 233w, http:\/\/neu.galerie-born.de\/wp-content\/uploads\/2022\/05\/Martin-Assig-\u2013-St.-Paul-Ewig-2019-tempera-on-paper-183-x-141-cm-797x1024.jpg 797w, http:\/\/neu.galerie-born.de\/wp-content\/uploads\/2022\/05\/Martin-Assig-\u2013-St.-Paul-Ewig-2019-tempera-on-paper-183-x-141-cm-768x987.jpg 768w, http:\/\/neu.galerie-born.de\/wp-content\/uploads\/2022\/05\/Martin-Assig-\u2013-St.-Paul-Ewig-2019-tempera-on-paper-183-x-141-cm.jpg 800w\" sizes=\"auto, (max-width: 233px) 100vw, 233px\" \/>\t\t<\/a><\/p>\n<h4 itemprop=\"name\" >\n\t<a itemprop=\"url\" href=\"http:\/\/neu.galerie-born.de\/portfolio-item\/martin-assig\/\" target=\"_self\" rel=\"noopener\"><br \/>\n\t\tMartin Assig\t<\/a><br \/>\n<\/h4>\n<p>\t\t\t\t\t\t\t<a href=\"http:\/\/neu.galerie-born.de\/portfolio-category\/kuenstler\/\" rel=\"tag\">K\u00fcnstler<\/a><br \/>\n\t\t<a href=\"http:\/\/neu.galerie-born.de\/portfolio-item\/martin-assig\/\" target=\"_self\" rel=\"noopener\">\tExplore the project<\/a><br \/>\n<\/article>\n<article>\n\t\t<a itemprop=\"url\" href=\"http:\/\/neu.galerie-born.de\/portfolio-item\/strawalde\/\" target=\"_self\" rel=\"noopener\"><br \/>\n\t\t\t<img decoding=\"async\" width=\"283\" height=\"300\" src=\"http:\/\/neu.galerie-born.de\/wp-content\/uploads\/2022\/05\/Strawalde-10\u2009.\u2009X\u2009.\u20092021-Collage-465-x-43-cm-283x300.jpg\" alt=\"\" loading=\"lazy\" srcset=\"http:\/\/neu.galerie-born.de\/wp-content\/uploads\/2022\/05\/Strawalde-10\u2009.\u2009X\u2009.\u20092021-Collage-465-x-43-cm-283x300.jpg 283w, http:\/\/neu.galerie-born.de\/wp-content\/uploads\/2022\/05\/Strawalde-10\u2009.\u2009X\u2009.\u20092021-Collage-465-x-43-cm-964x1024.jpg 964w, http:\/\/neu.galerie-born.de\/wp-content\/uploads\/2022\/05\/Strawalde-10\u2009.\u2009X\u2009.\u20092021-Collage-465-x-43-cm-768x816.jpg 768w, http:\/\/neu.galerie-born.de\/wp-content\/uploads\/2022\/05\/Strawalde-10\u2009.\u2009X\u2009.\u20092021-Collage-465-x-43-cm-1446x1536.jpg 1446w, http:\/\/neu.galerie-born.de\/wp-content\/uploads\/2022\/05\/Strawalde-10\u2009.\u2009X\u2009.\u20092021-Collage-465-x-43-cm.jpg 1808w\" sizes=\"auto, (max-width: 283px) 100vw, 283px\" \/>\t\t<\/a><\/p>\n<h4 itemprop=\"name\" >\n\t<a itemprop=\"url\" href=\"http:\/\/neu.galerie-born.de\/portfolio-item\/strawalde\/\" target=\"_self\" rel=\"noopener\"><br \/>\n\t\tStrawalde\t<\/a><br \/>\n<\/h4>\n<p>\t\t\t\t\t\t\t<a href=\"http:\/\/neu.galerie-born.de\/portfolio-category\/kuenstler\/\" rel=\"tag\">K\u00fcnstler<\/a><br \/>\n\t\t<a href=\"http:\/\/neu.galerie-born.de\/portfolio-item\/strawalde\/\" target=\"_self\" rel=\"noopener\">\tExplore the project<\/a><br \/>\n<\/article>\n","protected":false},"excerpt":{"rendered":"<p>Bienefeld K\u00fcnstler Explore the project Uwe Kowski K\u00fcnstler Explore the project Martin Assig K\u00fcnstler Explore the project Strawalde K\u00fcnstler Explore the project<\/p>\n","protected":false},"author":1,"featured_media":0,"parent":0,"menu_order":11,"comment_status":"closed","ping_status":"closed","template":"","meta":[],"class_list":["post-12","page","type-page","status-publish","hentry"],"yoast_head":"<!-- This site is optimized with the Yoast SEO plugin v27.5 - https:\/\/yoast.com\/product\/yoast-seo-wordpress\/ -->\n<title>Artists - GALERIE BORN<\/title>\n<meta name=\"robots\" content=\"index, follow, max-snippet:-1, max-image-preview:large, max-video-preview:-1\" \/>\n<link rel=\"canonical\" href=\"https:\/\/galerie-born.de\/en\/kuenstler\/\" \/>\n<meta property=\"og:locale\" content=\"en_US\" \/>\n<meta property=\"og:type\" content=\"article\" \/>\n<meta property=\"og:title\" content=\"Artists - GALERIE BORN\" \/>\n<meta property=\"og:description\" content=\"Bienefeld K\u00fcnstler Explore the project Uwe Kowski K\u00fcnstler Explore the project Martin Assig K\u00fcnstler Explore the project Strawalde K\u00fcnstler Explore the project\" \/>\n<meta property=\"og:url\" content=\"https:\/\/galerie-born.de\/en\/kuenstler\/\" \/>\n<meta property=\"og:site_name\" content=\"GALERIE BORN\" \/>\n<meta property=\"article:modified_time\" content=\"2022-10-13T15:48:04+00:00\" \/>\n<meta property=\"og:image\" content=\"http:\/\/neu.galerie-born.de\/wp-content\/uploads\/2022\/05\/DSC0294.jpg-REGION-2-2015-30-x-40-cm-300x225.jpg\" \/>\n<meta name=\"twitter:card\" content=\"summary_large_image\" \/>\n<script type=\"application\/ld+json\" class=\"yoast-schema-graph\">{\"@context\":\"https:\\\/\\\/schema.org\",\"@graph\":[{\"@type\":\"WebPage\",\"@id\":\"https:\\\/\\\/galerie-born.de\\\/en\\\/kuenstler\\\/\",\"url\":\"https:\\\/\\\/galerie-born.de\\\/en\\\/kuenstler\\\/\",\"name\":\"Artists - GALERIE BORN\",\"isPartOf\":{\"@id\":\"https:\\\/\\\/galerie-born.de\\\/en\\\/#website\"},\"primaryImageOfPage\":{\"@id\":\"https:\\\/\\\/galerie-born.de\\\/en\\\/kuenstler\\\/#primaryimage\"},\"image\":{\"@id\":\"https:\\\/\\\/galerie-born.de\\\/kuenstler\\\/#primaryimage\"},\"thumbnailUrl\":\"http:\\\/\\\/neu.galerie-born.de\\\/wp-content\\\/uploads\\\/2022\\\/05\\\/DSC0294.jpg-REGION-2-2015-30-x-40-cm-300x225.jpg\",\"datePublished\":\"2022-05-04T10:37:28+00:00\",\"dateModified\":\"2022-10-13T15:48:04+00:00\",\"breadcrumb\":{\"@id\":\"https:\\\/\\\/galerie-born.de\\\/en\\\/kuenstler\\\/#breadcrumb\"},\"inLanguage\":\"en-US\",\"potentialAction\":[{\"@type\":\"ReadAction\",\"target\":[[\"https:\\\/\\\/galerie-born.de\\\/en\\\/kuenstler\\\/\"]]}]},{\"@type\":\"ImageObject\",\"inLanguage\":\"en-US\",\"@id\":\"https:\\\/\\\/galerie-born.de\\\/en\\\/kuenstler\\\/#primaryimage\",\"url\":\"http:\\\/\\\/neu.galerie-born.de\\\/wp-content\\\/uploads\\\/2022\\\/05\\\/DSC0294.jpg-REGION-2-2015-30-x-40-cm-300x225.jpg\",\"contentUrl\":\"http:\\\/\\\/neu.galerie-born.de\\\/wp-content\\\/uploads\\\/2022\\\/05\\\/DSC0294.jpg-REGION-2-2015-30-x-40-cm-300x225.jpg\"},{\"@type\":\"BreadcrumbList\",\"@id\":\"https:\\\/\\\/galerie-born.de\\\/en\\\/kuenstler\\\/#breadcrumb\",\"itemListElement\":[{\"@type\":\"ListItem\",\"position\":1,\"name\":\"Startseite\",\"item\":\"https:\\\/\\\/galerie-born.de\\\/en\\\/\"},{\"@type\":\"ListItem\",\"position\":2,\"name\":\"K\u00fcnstler\"}]},{\"@type\":\"WebSite\",\"@id\":\"https:\\\/\\\/galerie-born.de\\\/en\\\/#website\",\"url\":\"https:\\\/\\\/galerie-born.de\\\/en\\\/\",\"name\":\"GALERIE BORN\",\"description\":\"GALLERY BORN\",\"publisher\":{\"@id\":\"https:\\\/\\\/galerie-born.de\\\/en\\\/#organization\"},\"potentialAction\":[{\"@type\":\"SearchAction\",\"target\":{\"@type\":\"EntryPoint\",\"urlTemplate\":\"https:\\\/\\\/galerie-born.de\\\/en\\\/?s={search_term_string}\"},\"query-input\":{\"@type\":\"PropertyValueSpecification\",\"valueRequired\":true,\"valueName\":\"search_term_string\"}}],\"inLanguage\":\"en-US\"},{\"@type\":\"Organization\",\"@id\":\"https:\\\/\\\/galerie-born.de\\\/en\\\/#organization\",\"name\":\"GALERIE BORN\",\"url\":\"https:\\\/\\\/galerie-born.de\\\/en\\\/\",\"logo\":{\"@type\":\"ImageObject\",\"inLanguage\":\"en-US\",\"@id\":\"https:\\\/\\\/galerie-born.de\\\/en\\\/#\\\/schema\\\/logo\\\/image\\\/\",\"url\":\"https:\\\/\\\/galerie-born.de\\\/wp-content\\\/uploads\\\/2025\\\/10\\\/cropped-Galeri-born-favicon.png\",\"contentUrl\":\"https:\\\/\\\/galerie-born.de\\\/wp-content\\\/uploads\\\/2025\\\/10\\\/cropped-Galeri-born-favicon.png\",\"width\":512,\"height\":512,\"caption\":\"GALERIE BORN\"},\"image\":{\"@id\":\"https:\\\/\\\/galerie-born.de\\\/en\\\/#\\\/schema\\\/logo\\\/image\\\/\"}}]}<\/script>\n<!-- \/ Yoast SEO plugin. -->","yoast_head_json":{"title":"Artists - GALERIE BORN","robots":{"index":"index","follow":"follow","max-snippet":"max-snippet:-1","max-image-preview":"max-image-preview:large","max-video-preview":"max-video-preview:-1"},"canonical":"https:\/\/galerie-born.de\/en\/kuenstler\/","og_locale":"en_US","og_type":"article","og_title":"Artists - GALERIE BORN","og_description":"Bienefeld K\u00fcnstler Explore the project Uwe Kowski K\u00fcnstler Explore the project Martin Assig K\u00fcnstler Explore the project Strawalde K\u00fcnstler Explore the project","og_url":"https:\/\/galerie-born.de\/en\/kuenstler\/","og_site_name":"GALERIE BORN","article_modified_time":"2022-10-13T15:48:04+00:00","og_image":[{"url":"http:\/\/neu.galerie-born.de\/wp-content\/uploads\/2022\/05\/DSC0294.jpg-REGION-2-2015-30-x-40-cm-300x225.jpg","type":"","width":"","height":""}],"twitter_card":"summary_large_image","schema":{"@context":"https:\/\/schema.org","@graph":[{"@type":"WebPage","@id":"https:\/\/galerie-born.de\/en\/kuenstler\/","url":"https:\/\/galerie-born.de\/en\/kuenstler\/","name":"Artists - GALERIE BORN","isPartOf":{"@id":"https:\/\/galerie-born.de\/en\/#website"},"primaryImageOfPage":{"@id":"https:\/\/galerie-born.de\/en\/kuenstler\/#primaryimage"},"image":{"@id":"https:\/\/galerie-born.de\/kuenstler\/#primaryimage"},"thumbnailUrl":"http:\/\/neu.galerie-born.de\/wp-content\/uploads\/2022\/05\/DSC0294.jpg-REGION-2-2015-30-x-40-cm-300x225.jpg","datePublished":"2022-05-04T10:37:28+00:00","dateModified":"2022-10-13T15:48:04+00:00","breadcrumb":{"@id":"https:\/\/galerie-born.de\/en\/kuenstler\/#breadcrumb"},"inLanguage":"en-US","potentialAction":[{"@type":"ReadAction","target":[["https:\/\/galerie-born.de\/en\/kuenstler\/"]]}]},{"@type":"ImageObject","inLanguage":"en-US","@id":"https:\/\/galerie-born.de\/en\/kuenstler\/#primaryimage","url":"http:\/\/neu.galerie-born.de\/wp-content\/uploads\/2022\/05\/DSC0294.jpg-REGION-2-2015-30-x-40-cm-300x225.jpg","contentUrl":"http:\/\/neu.galerie-born.de\/wp-content\/uploads\/2022\/05\/DSC0294.jpg-REGION-2-2015-30-x-40-cm-300x225.jpg"},{"@type":"BreadcrumbList","@id":"https:\/\/galerie-born.de\/en\/kuenstler\/#breadcrumb","itemListElement":[{"@type":"ListItem","position":1,"name":"Startseite","item":"https:\/\/galerie-born.de\/en\/"},{"@type":"ListItem","position":2,"name":"K\u00fcnstler"}]},{"@type":"WebSite","@id":"https:\/\/galerie-born.de\/en\/#website","url":"https:\/\/galerie-born.de\/en\/","name":"GALERIE BORN","description":"GALLERY BORN","publisher":{"@id":"https:\/\/galerie-born.de\/en\/#organization"},"potentialAction":[{"@type":"SearchAction","target":{"@type":"EntryPoint","urlTemplate":"https:\/\/galerie-born.de\/en\/?s={search_term_string}"},"query-input":{"@type":"PropertyValueSpecification","valueRequired":true,"valueName":"search_term_string"}}],"inLanguage":"en-US"},{"@type":"Organization","@id":"https:\/\/galerie-born.de\/en\/#organization","name":"GALERIE BORN","url":"https:\/\/galerie-born.de\/en\/","logo":{"@type":"ImageObject","inLanguage":"en-US","@id":"https:\/\/galerie-born.de\/en\/#\/schema\/logo\/image\/","url":"https:\/\/galerie-born.de\/wp-content\/uploads\/2025\/10\/cropped-Galeri-born-favicon.png","contentUrl":"https:\/\/galerie-born.de\/wp-content\/uploads\/2025\/10\/cropped-Galeri-born-favicon.png","width":512,"height":512,"caption":"GALERIE BORN"},"image":{"@id":"https:\/\/galerie-born.de\/en\/#\/schema\/logo\/image\/"}}]}},"grid":"{\r\n  \"colCount\": 12,\r\n  \"colGutter\": 1,\r\n  \"rowGutters\": [],\r\n  \"frameMargin\": 5,\r\n  \"leftFrameMargin\": 1,\r\n  \"rightFrameMargin\": 1,\r\n  \"topFrameMargin\": 1,\r\n  \"bottomFrameMargin\": 10,\r\n  \"rowAttrs\": [\r\n    {}\r\n  ],\r\n  \"bgColor\": null,\r\n  \"cont\": [\r\n    {\r\n      \"type\": \"projectindex\",\r\n      \"cont\": \"\",\r\n      \"align\": \"top\",\r\n      \"row\": 0,\r\n      \"col\": 3,\r\n      \"colspan\": 9,\r\n      \"offsetx\": 0,\r\n      \"offsety\": 0,\r\n      \"spaceabove\": 0,\r\n      \"spacebelow\": 0,\r\n      \"yvel\": 1,\r\n      \"push\": 3,\r\n      \"relid\": 4,\r\n      \"config\": {\r\n        \"desktop\": {\r\n          \"sortedColumns\": [\r\n            {\r\n              \"name\": \"title\",\r\n              \"visible\": true\r\n            },\r\n            {\r\n              \"name\": \"tags\",\r\n              \"visible\": false\r\n            },\r\n            {\r\n              \"name\": \"categories\",\r\n              \"visible\": false\r\n            },\r\n            {\r\n              \"name\": \"year\",\r\n              \"visible\": false\r\n            }\r\n          ],\r\n          \"titleWidth\": \"75\",\r\n          \"categoriesWidth\": \"\",\r\n          \"tagsWidth\": \"\",\r\n          \"yearWidth\": \"\"\r\n        },\r\n        \"tablet\": {\r\n          \"sortedColumns\": [\r\n            {\r\n              \"name\": \"title\",\r\n              \"visible\": true\r\n            },\r\n            {\r\n              \"name\": \"categories\",\r\n              \"visible\": true\r\n            },\r\n            {\r\n              \"name\": \"tags\",\r\n              \"visible\": false\r\n            },\r\n            {\r\n              \"name\": \"year\",\r\n              \"visible\": true\r\n            }\r\n          ],\r\n          \"titleWidth\": \"\",\r\n          \"categoriesWidth\": \"\",\r\n          \"tagsWidth\": \"\",\r\n          \"yearWidth\": \"\"\r\n        },\r\n        \"phone\": {\r\n          \"sortedColumns\": [\r\n            {\r\n              \"name\": \"title\",\r\n              \"visible\": true\r\n            },\r\n            {\r\n              \"name\": \"categories\",\r\n              \"visible\": false\r\n            },\r\n            {\r\n              \"name\": \"tags\",\r\n              \"visible\": false\r\n            },\r\n            {\r\n              \"name\": \"year\",\r\n              \"visible\": false\r\n            }\r\n          ],\r\n          \"titleWidth\": \"\",\r\n          \"categoriesWidth\": \"\",\r\n          \"tagsWidth\": \"\",\r\n          \"yearWidth\": \"\"\r\n        },\r\n        \"category\": [\r\n          {\r\n            \"label\": \"K\u00fcnstler\",\r\n            \"value\": \"kuenstler\"\r\n          }\r\n        ],\r\n        \"orderBy\": \"tags\",\r\n        \"order\": \"ASC\",\r\n        \"sortedCategories\": [\r\n          {\r\n            \"term_id\": 60,\r\n            \"name\": \"Aktuell\",\r\n            \"visible\": true\r\n          },\r\n          {\r\n            \"term_id\": 1,\r\n            \"name\": \"Work\",\r\n            \"visible\": true\r\n          },\r\n          {\r\n            \"term_id\": 61,\r\n            \"name\": \"K\u00fcnstler\",\r\n            \"visible\": true\r\n          },\r\n          {\r\n            \"term_id\": 62,\r\n            \"name\": \"Messen\",\r\n            \"visible\": true\r\n          },\r\n          {\r\n            \"term_id\": 69,\r\n            \"name\": \"Strawalde Goldstaub\",\r\n            \"visible\": true\r\n          },\r\n          {\r\n            \"term_id\": 68,\r\n            \"name\": \"Art Karlsruhe 2022\",\r\n            \"visible\": true\r\n          },\r\n          {\r\n            \"term_id\": 67,\r\n            \"name\": \"Publikationen\",\r\n            \"visible\": true\r\n          },\r\n          {\r\n            \"term_id\": 66,\r\n            \"name\": \"Katalog\",\r\n            \"visible\": true\r\n          },\r\n          {\r\n            \"term_id\": 65,\r\n            \"name\": \"Archiv\",\r\n            \"visible\": true\r\n          },\r\n          {\r\n            \"term_id\": 64,\r\n            \"name\": \"AUFTAKT Born\",\r\n            \"visible\": true\r\n          },\r\n          {\r\n            \"term_id\": 63,\r\n            \"name\": \"Strawalde Punktum\",\r\n            \"visible\": true\r\n          },\r\n          {\r\n            \"term_id\": 71,\r\n            \"name\": \"The Way Through The Woods 2022\",\r\n            \"visible\": true\r\n          },\r\n          {\r\n            \"term_id\": 70,\r\n            \"name\": \"Vorschau\",\r\n            \"visible\": true\r\n          },\r\n          {\r\n            \"term_id\": 120,\r\n            \"name\": \"Winter 2018-2019\",\r\n            \"visible\": true\r\n          },\r\n          {\r\n            \"term_id\": 119,\r\n            \"name\": \"Reinoud van Vught 2019\",\r\n            \"visible\": true\r\n          },\r\n          {\r\n            \"term_id\": 118,\r\n            \"name\": \"John Adams Griefen 2019\",\r\n            \"visible\": true\r\n          },\r\n          {\r\n            \"term_id\": 117,\r\n            \"name\": \"In the in-Between 2019\",\r\n            \"visible\": true\r\n          },\r\n          {\r\n            \"term_id\": 116,\r\n            \"name\": \"Federico Pietrella 2019\",\r\n            \"visible\": true\r\n          },\r\n          {\r\n            \"term_id\": 115,\r\n            \"name\": \"John Noel Smith, Ogham 2019\",\r\n            \"visible\": true\r\n          },\r\n          {\r\n            \"term_id\": 114,\r\n            \"name\": \"Jens Jensen, Grafik pour 2020\",\r\n            \"visible\": true\r\n          },\r\n          {\r\n            \"term_id\": 113,\r\n            \"name\": \"Nora Mona Bach, Simulacrum 2020\",\r\n            \"visible\": true\r\n          },\r\n          {\r\n            \"term_id\": 112,\r\n            \"name\": \"Der Initiator 2020\",\r\n            \"visible\": true\r\n          },\r\n          {\r\n            \"term_id\": 111,\r\n            \"name\": \"Federico Pietrella, New Works 2020\",\r\n            \"visible\": true\r\n          },\r\n          {\r\n            \"term_id\": 110,\r\n            \"name\": \"Han Klinkhamer, Hidden Traces 2020\",\r\n            \"visible\": true\r\n          },\r\n          {\r\n            \"term_id\": 109,\r\n            \"name\": \"DAS DUTZEND IST VOLL\",\r\n            \"visible\": true\r\n          },\r\n          {\r\n            \"term_id\": 108,\r\n            \"name\": \"Winter - Gruppenausstellung 19-20\",\r\n            \"visible\": true\r\n          },\r\n          {\r\n            \"term_id\": 107,\r\n            \"name\": \"Gilgian Gelzer, Daniel Schlier 2020\",\r\n            \"visible\": true\r\n          },\r\n          {\r\n            \"term_id\": 105,\r\n            \"name\": \"Michael Markwick 2020\",\r\n            \"visible\": true\r\n          },\r\n          {\r\n            \"term_id\": 104,\r\n            \"name\": \"Biene Feld, Five Seasons 2020\",\r\n            \"visible\": true\r\n          },\r\n          {\r\n            \"term_id\": 103,\r\n            \"name\": \"Angela Dwyer, Solid Shapes\",\r\n            \"visible\": true\r\n          },\r\n          {\r\n            \"term_id\": 102,\r\n            \"name\": \"Florian Merkel, Zyklische Bewegung\",\r\n            \"visible\": true\r\n          },\r\n          {\r\n            \"term_id\": 101,\r\n            \"name\": \"ZEICHNUNG 2021\",\r\n            \"visible\": true\r\n          },\r\n          {\r\n            \"term_id\": 100,\r\n            \"name\": \"Until Now\",\r\n            \"visible\": true\r\n          },\r\n          {\r\n            \"term_id\": 99,\r\n            \"name\": \"WINTER 26.12.2021-5.1.2022\",\r\n            \"visible\": true\r\n          },\r\n          {\r\n            \"term_id\": 98,\r\n            \"name\": \"Uwe Kowski - Kowski\",\r\n            \"visible\": true\r\n          },\r\n          {\r\n            \"term_id\": 97,\r\n            \"name\": \"BieneFeld + Asana Fujikawa\",\r\n            \"visible\": true\r\n          },\r\n          {\r\n            \"term_id\": 96,\r\n            \"name\": \"Martin Assig Die Seelen Scherenschnitte\",\r\n            \"visible\": true\r\n          },\r\n          {\r\n            \"term_id\": 95,\r\n            \"name\": \"A Sense of Possibility\",\r\n            \"visible\": true\r\n          },\r\n          {\r\n            \"term_id\": 94,\r\n            \"name\": \"WINTER \u2013 Gruppenausstellung\",\r\n            \"visible\": true\r\n          },\r\n          {\r\n            \"term_id\": 93,\r\n            \"name\": \"Daniel Schlier K\u00f6pfe, Fratzen, Faxen\",\r\n            \"visible\": true\r\n          },\r\n          {\r\n            \"term_id\": 92,\r\n            \"name\": \"next level in world of mobile\",\r\n            \"visible\": true\r\n          },\r\n          {\r\n            \"term_id\": 91,\r\n            \"name\": \"Jens Jensen, David Evison\",\r\n            \"visible\": true\r\n          },\r\n          {\r\n            \"term_id\": 90,\r\n            \"name\": \"Ilja Heinig In Process\",\r\n            \"visible\": true\r\n          },\r\n          {\r\n            \"term_id\": 89,\r\n            \"name\": \"The Way Through The Woods 2021\",\r\n            \"visible\": true\r\n          },\r\n          {\r\n            \"term_id\": 88,\r\n            \"name\": \"Jens Jensen Der rote Fluss\",\r\n            \"visible\": true\r\n          },\r\n          {\r\n            \"term_id\": 86,\r\n            \"name\": \"Biene Feld + Emil Bienefeld\",\r\n            \"visible\": true\r\n          },\r\n          {\r\n            \"term_id\": 82,\r\n            \"name\": \"Jens Jensen und Freunde\",\r\n            \"visible\": true\r\n          },\r\n          {\r\n            \"term_id\": 81,\r\n            \"name\": \"artKarlsruhe 2017\",\r\n            \"visible\": true\r\n          },\r\n          {\r\n            \"term_id\": 80,\r\n            \"name\": \"POSITIONS Berlin 04.2017\",\r\n            \"visible\": true\r\n          },\r\n          {\r\n            \"term_id\": 79,\r\n            \"name\": \"POSITIONS Berlin 09.2017\",\r\n            \"visible\": true\r\n          },\r\n          {\r\n            \"term_id\": 78,\r\n            \"name\": \"POSITIONS Berlin 04.2018\",\r\n            \"visible\": true\r\n          },\r\n          {\r\n            \"term_id\": 77,\r\n            \"name\": \"POSITIONS Berlin 09.2018\",\r\n            \"visible\": true\r\n          },\r\n          {\r\n            \"term_id\": 74,\r\n            \"name\": \"artKarlsruhe 2018\",\r\n            \"visible\": true\r\n          },\r\n          {\r\n            \"term_id\": 73,\r\n            \"name\": \"artKarlsruhe 2019\",\r\n            \"visible\": true\r\n          },\r\n          {\r\n            \"term_id\": 72,\r\n            \"name\": \"artKarlsruhe 2020\",\r\n            \"visible\": true\r\n          },\r\n          {\r\n            \"term_id\": 134,\r\n            \"name\": \"Emil Bienefeld 2019\",\r\n            \"visible\": true\r\n          },\r\n          {\r\n            \"term_id\": 133,\r\n            \"name\": \"jens jensen 2019\",\r\n            \"visible\": true\r\n          },\r\n          {\r\n            \"term_id\": 132,\r\n            \"name\": \"Klaus Hack, Gr\u00e9goire Hespel 2019\",\r\n            \"visible\": true\r\n          },\r\n          {\r\n            \"term_id\": 131,\r\n            \"name\": \"Biene Feld, Werden II 2019\",\r\n            \"visible\": true\r\n          },\r\n          {\r\n            \"term_id\": 130,\r\n            \"name\": \"Drawing Now 2019\",\r\n            \"visible\": true\r\n          },\r\n          {\r\n            \"term_id\": 129,\r\n            \"name\": \"Martin Borowski 2019\",\r\n            \"visible\": true\r\n          },\r\n          {\r\n            \"term_id\": 128,\r\n            \"name\": \"Constantin Schroeder 2022\",\r\n            \"visible\": true\r\n          },\r\n          {\r\n            \"term_id\": 127,\r\n            \"name\": \"Gregoire Hespel Malerei 2022\",\r\n            \"visible\": true\r\n          }\r\n        ],\r\n        \"sortedTags\": [\r\n          {\r\n            \"term_id\": 186,\r\n            \"name\": \"10\",\r\n            \"visible\": true\r\n          },\r\n          {\r\n            \"term_id\": 180,\r\n            \"name\": \"20\",\r\n            \"visible\": true\r\n          },\r\n          {\r\n            \"term_id\": 181,\r\n            \"name\": \"30\",\r\n            \"visible\": true\r\n          },\r\n          {\r\n            \"term_id\": 179,\r\n            \"name\": \"40\",\r\n            \"visible\": true\r\n          },\r\n          {\r\n            \"term_id\": 184,\r\n            \"name\": \"50\",\r\n            \"visible\": true\r\n          },\r\n          {\r\n            \"term_id\": 176,\r\n            \"name\": \"60\",\r\n            \"visible\": true\r\n          },\r\n          {\r\n            \"term_id\": 175,\r\n            \"name\": \"70\",\r\n            \"visible\": true\r\n          },\r\n          {\r\n            \"term_id\": 169,\r\n            \"name\": \"80\",\r\n            \"visible\": true\r\n          },\r\n          {\r\n            \"term_id\": 192,\r\n            \"name\": \"90\",\r\n            \"visible\": true\r\n          },\r\n          {\r\n            \"term_id\": 165,\r\n            \"name\": \"100\",\r\n            \"visible\": true\r\n          },\r\n          {\r\n            \"term_id\": 178,\r\n            \"name\": \"110\",\r\n            \"visible\": true\r\n          },\r\n          {\r\n            \"term_id\": 182,\r\n            \"name\": \"120\",\r\n            \"visible\": true\r\n          },\r\n          {\r\n            \"term_id\": 170,\r\n            \"name\": \"130\",\r\n            \"visible\": true\r\n          },\r\n          {\r\n            \"term_id\": 171,\r\n            \"name\": \"140\",\r\n            \"visible\": true\r\n          },\r\n          {\r\n            \"term_id\": 177,\r\n            \"name\": \"150\",\r\n            \"visible\": true\r\n          },\r\n          {\r\n            \"term_id\": 167,\r\n            \"name\": \"160\",\r\n            \"visible\": true\r\n          },\r\n          {\r\n            \"term_id\": 174,\r\n            \"name\": \"170\",\r\n            \"visible\": true\r\n          },\r\n          {\r\n            \"term_id\": 188,\r\n            \"name\": \"180\",\r\n            \"visible\": true\r\n          },\r\n          {\r\n            \"term_id\": 168,\r\n            \"name\": \"190\",\r\n            \"visible\": true\r\n          },\r\n          {\r\n            \"term_id\": 164,\r\n            \"name\": \"200\",\r\n            \"visible\": true\r\n          },\r\n          {\r\n            \"term_id\": 183,\r\n            \"name\": \"210\",\r\n            \"visible\": true\r\n          },\r\n          {\r\n            \"term_id\": 173,\r\n            \"name\": \"220\",\r\n            \"visible\": true\r\n          },\r\n          {\r\n            \"term_id\": 166,\r\n            \"name\": \"230\",\r\n            \"visible\": true\r\n          },\r\n          {\r\n            \"term_id\": 185,\r\n            \"name\": \"240\",\r\n            \"visible\": true\r\n          },\r\n          {\r\n            \"term_id\": 172,\r\n            \"name\": \"250\",\r\n            \"visible\": true\r\n          },\r\n          {\r\n            \"term_id\": 296,\r\n            \"name\": \"212\",\r\n            \"visible\": true\r\n          },\r\n          {\r\n            \"term_id\": 295,\r\n            \"name\": \"239\",\r\n            \"visible\": true\r\n          },\r\n          {\r\n            \"term_id\": 294,\r\n            \"name\": \"235\",\r\n            \"visible\": true\r\n          },\r\n          {\r\n            \"term_id\": 292,\r\n            \"name\": \"28\",\r\n            \"visible\": true\r\n          },\r\n          {\r\n            \"term_id\": 291,\r\n            \"name\": \"27\",\r\n            \"visible\": true\r\n          },\r\n          {\r\n            \"term_id\": 290,\r\n            \"name\": \"26\",\r\n            \"visible\": true\r\n          },\r\n          {\r\n            \"term_id\": 289,\r\n            \"name\": \"25\",\r\n            \"visible\": true\r\n          },\r\n          {\r\n            \"term_id\": 288,\r\n            \"name\": \"24\",\r\n            \"visible\": true\r\n          },\r\n          {\r\n            \"term_id\": 287,\r\n            \"name\": \"23\",\r\n            \"visible\": true\r\n          },\r\n          {\r\n            \"term_id\": 286,\r\n            \"name\": \"22\",\r\n            \"visible\": true\r\n          },\r\n          {\r\n            \"term_id\": 285,\r\n            \"name\": \"21\",\r\n            \"visible\": true\r\n          },\r\n          {\r\n            \"term_id\": 284,\r\n            \"name\": \"19\",\r\n            \"visible\": true\r\n          },\r\n          {\r\n            \"term_id\": 283,\r\n            \"name\": \"18\",\r\n            \"visible\": true\r\n          },\r\n          {\r\n            \"term_id\": 282,\r\n            \"name\": \"17\",\r\n            \"visible\": true\r\n          },\r\n          {\r\n            \"term_id\": 281,\r\n            \"name\": \"16\",\r\n            \"visible\": true\r\n          },\r\n          {\r\n            \"term_id\": 280,\r\n            \"name\": \"15\",\r\n            \"visible\": true\r\n          },\r\n          {\r\n            \"term_id\": 279,\r\n            \"name\": \"14\",\r\n            \"visible\": true\r\n          },\r\n          {\r\n            \"term_id\": 278,\r\n            \"name\": \"13\",\r\n            \"visible\": true\r\n          },\r\n          {\r\n            \"term_id\": 277,\r\n            \"name\": \"12\",\r\n            \"visible\": true\r\n          },\r\n          {\r\n            \"term_id\": 276,\r\n            \"name\": \"11\",\r\n            \"visible\": true\r\n          },\r\n          {\r\n            \"term_id\": 275,\r\n            \"name\": \"9\",\r\n            \"visible\": true\r\n          },\r\n          {\r\n            \"term_id\": 274,\r\n            \"name\": \"8\",\r\n            \"visible\": true\r\n          },\r\n          {\r\n            \"term_id\": 273,\r\n            \"name\": \"7\",\r\n            \"visible\": true\r\n          },\r\n          {\r\n            \"term_id\": 272,\r\n            \"name\": \"6\",\r\n            \"visible\": true\r\n          },\r\n          {\r\n            \"term_id\": 271,\r\n            \"name\": \"5\",\r\n            \"visible\": true\r\n          },\r\n          {\r\n            \"term_id\": 270,\r\n            \"name\": \"2\",\r\n            \"visible\": true\r\n          },\r\n          {\r\n            \"term_id\": 269,\r\n            \"name\": \"1\",\r\n            \"visible\": true\r\n          }\r\n        ],\r\n        \"textformat\": \"Default\",\r\n        \"spaceTopBottom\": 20,\r\n        \"lineStrokeWidth\": 1,\r\n        \"lineColor\": \"#000000\",\r\n        \"textColor\": \"#000000\",\r\n        \"filterColor\": \"#000000\",\r\n        \"doHoverColor\": false,\r\n        \"doBgHoverColor\": false,\r\n        \"hoverColor\": \"#000000\",\r\n        \"bgHoverColor\": \"#f4f4f4\",\r\n        \"activeColor\": \"#f9f9f9\",\r\n        \"useImageHover\": true,\r\n        \"doFilterHoverColor\": false,\r\n        \"filterHoverColor\": \"#000000\",\r\n        \"showFilters\": false,\r\n        \"filtersTextformat\": \"Default\",\r\n        \"yearFilterText\": \"Year\",\r\n        \"tagsFilterText\": \"Tags\",\r\n        \"categoriesFilterText\": \"Categories\",\r\n        \"titleFilterText\": \"Title\",\r\n        \"uniqueId\": 1651760500817\r\n      },\r\n      \"absolute_position\": false\r\n    }\r\n  ]\r\n}","phonegrid":"","_links":{"self":[{"href":"https:\/\/galerie-born.de\/en\/wp-json\/wp\/v2\/pages\/12","targetHints":{"allow":["GET"]}}],"collection":[{"href":"https:\/\/galerie-born.de\/en\/wp-json\/wp\/v2\/pages"}],"about":[{"href":"https:\/\/galerie-born.de\/en\/wp-json\/wp\/v2\/types\/page"}],"author":[{"embeddable":true,"href":"https:\/\/galerie-born.de\/en\/wp-json\/wp\/v2\/users\/1"}],"replies":[{"embeddable":true,"href":"https:\/\/galerie-born.de\/en\/wp-json\/wp\/v2\/comments?post=12"}],"version-history":[{"count":0,"href":"https:\/\/galerie-born.de\/en\/wp-json\/wp\/v2\/pages\/12\/revisions"}],"wp:attachment":[{"href":"https:\/\/galerie-born.de\/en\/wp-json\/wp\/v2\/media?parent=12"}],"curies":[{"name":"wp","href":"https:\/\/api.w.org\/{rel}","templated":true}]}}